{"id":2856,"date":"2020-11-30T23:49:43","date_gmt":"2020-11-30T23:49:43","guid":{"rendered":"https:\/\/marziomilano.com\/informativa-sulla-privacy\/"},"modified":"2022-12-14T11:48:25","modified_gmt":"2022-12-14T11:48:25","slug":"informativa-sulla-privacy","status":"publish","type":"page","link":"https:\/\/marziomilano.com\/it\/informativa-sulla-privacy\/","title":{"rendered":"Informativa sulla privacy"},"content":{"rendered":"<section class=\"l-section wpb_row height_huge width_full color_footer-top\"><div class=\"l-section-h i-cf\"><div class=\"g-cols vc_row via_flex valign_top type_default stacking_default\"><div class=\"vc_col-sm-12 wpb_column vc_column_container\"><div class=\"vc_column-inner\"><div class=\"wpb_wrapper\">[vc_custom_heading source=&#8221;post_title&#8221; font_container=&#8221;tag:h2|text_align:center&#8221; use_theme_fonts=&#8221;yes&#8221;]<\/div><\/div><\/div><\/div><\/div><\/section><section class=\"l-section wpb_row height_auto\"><div class=\"l-section-h i-cf\"><div class=\"g-cols vc_row via_flex valign_top type_default stacking_default\"><div class=\"vc_col-sm-12 wpb_column vc_column_container\"><div class=\"vc_column-inner\"><div class=\"wpb_wrapper\"><div class=\"w-separator size_huge\"><\/div><div class=\"wpb_text_column us_custom_6b602953 avenir\"><div class=\"wpb_wrapper\"><p><strong>INFORMATIVA SULLA PRIVACY SITO<\/strong><\/p>\n<p><strong>1. INFORMAZIONI PER L&#8217;UTENTE<\/strong><\/p>\n<p><strong>Chi \u00e8 responsabile del trattamento dei dati personali dell\u2019utente?<\/strong><\/p>\n<p>URMADY ASESORES SL, \u00e8 il RESPONSABILE per il trattamento dei dati personali dell&#8217;UTENTE. Si informa l\u2019utente che tali dati saranno trattati in conformit\u00e0 alle disposizioni del Regolamento (UE) 2016\/679 del 27 aprile (GDPR) e della Legge Organica 3\/2018 del 5 dicembre (LOPDGDD).<\/p>\n<p><strong>Con quale finalit\u00e0 trattiamo i dati personali?<\/strong><\/p>\n<ul>\n<li>Per mantenere una relazione commerciale con l\u2019utente. Le operazioni previste per il trattamento sono:<\/li>\n<li>Invio di comunicazioni pubblicitarie commerciali tramite e-mail, fax, SMS, MMS, social network o qualsiasi altro mezzo elettronico o fisico, presente o futuro, che consenta di effettuare comunicazioni commerciali. Le suddette comunicazioni saranno effettuate dal RESPONSABILE e riguarderanno i suoi prodotti e servizi, o dai suoi collaboratori o fornitori con i quali \u00e8 stato fatto un accordo di promozione. In tal caso, eventuali terzi non avranno mai accesso ai dati personali.<\/li>\n<li>Realizzare studi di mercato e analisi statistiche.<\/li>\n<li>Elaborare ordini, istanze, rispondere alle domande o a qualsiasi tipo di richiesta effettuata dall&#8217;UTENTE attraverso uno dei moduli di contatto messi a sua disposizione nella pagina Web del RESPONSABILE.<\/li>\n<li>Inviare la newsletter online, sulle novit\u00e0, le offerte e le promozioni della nostra attivit\u00e0.<\/li>\n<\/ul>\n<p><strong>Perch\u00e9 possiamo trattare i dati personali dell\u2019utente?<\/strong><\/p>\n<p>Perch\u00e9 il trattamento \u00e8 legittimato dall&#8217;articolo 6 del GDPR come segue:<\/p>\n<ul>\n<li>Con il consenso dell&#8217;UTENTE: invio di comunicazioni commerciali e della newsletter.<\/li>\n<li>Nell&#8217;interesse legittimo del RESPONSABILE: effettuare studi di mercato, analisi statistiche, ecc. ed elaborare ordini, richieste, ecc. su domanda dell&#8217;UTENTE.<\/li>\n<\/ul>\n<p><strong>Per quanto tempo conserveremo i dati personali dell\u2019utente?<\/strong><\/p>\n<p>Saranno conservati solo il tempo necessario a mantenere la finalit\u00e0 del trattamento o in caso di disposizioni legali che ne stabiliscano la conservazione; quando i dati non saranno pi\u00f9 necessari a tali scopi, saranno eliminati con adeguate misure di sicurezza per garantirne l\u2019anonimizzazione o la distruzione totale.<\/p>\n<p><strong>A chi forniamo i dati personali dell\u2019utente?<\/strong><\/p>\n<p>Non \u00e8 prevista la comunicazione di dati personali a terzi salvo, qualora fosse necessario per lo sviluppo e l&#8217;esecuzione delle finalit\u00e0 del trattamento, ai nostri fornitori di servizi connessi alle comunicazioni, con i quali il RESPONSABILE ha sottoscritto i contratti di riservatezza e di incarico del trattamento richiesti dalla normativa sulla privacy vigente.<\/p>\n<p><strong>Quali sono i diritti dell\u2019utente?<\/strong><\/p>\n<p>I diritti dell\u2019UTENTE sono:<\/p>\n<ul>\n<li>Diritto di revocare il consenso in qualsiasi momento.<\/li>\n<li>Diritto di accesso, rettifica, portabilit\u00e0 e cancellazione dei dati e limitazione od opposizione al loro trattamento.<\/li>\n<li>Diritto di presentare un reclamo all&#8217;Autorit\u00e0 di controllo (www.agpd.es) se l\u2019utente ritiene che il trattamento non sia conforme alle normative vigenti.<\/li>\n<\/ul>\n<p>Dati di contatto per esercitare i propri diritti:<\/p>\n<p>URMADY ASESORES SL<br \/>\nC\/ Campoamor, 18. 2\u00baA. 28004. Madrid (SPAGNA).<br \/>\nE-mail: info@marziomilano.com<\/p>\n<p>Dati di contatto del Delegato per la protezione dei dati: F\u00e9nix, 19, 28023 MADRID. administracion@fundacionprotecciondedatos.es<\/p>\n<p><strong>2. CARATTERE OBBLIGATORIO O FACOLTATIVO DELLE INFORMAZIONI FORNITE DALL&#8217;UTENTE<\/strong><\/p>\n<p>Gli UTENTI, mediante la spunta delle relative caselle e compilando i dati nei campi contrassegnati con un asterisco (*) nel modulo di contatto o indicati nei moduli scaricati, accettano espressamente, liberamente e inequivocabilmente che i loro dati sono necessari affinch\u00e9 il RESPONSABILE possa soddisfare ogni loro richiesta, mentre l\u2019immissione dei dati nei restanti campi \u00e8 facoltativa. L&#8217;UTENTE garantisce che i propri dati personali forniti al RESPONSABILE sono veritieri e si impegna a comunicare qualsiasi modifica degli stessi.<\/p>\n<p>Il RESPONSABILE informa l\u2019UTENTE che tutti i dati richiesti attraverso il sito Web sono obbligatori, in quanto necessari per poter fornire un servizio ottimale a quest\u2019ultimo. Nel caso in cui non si forniscano tutti i dati, non si garantisce che le informazioni e i servizi forniti siano completamente adeguati alle sue esigenze.<\/p>\n<p><strong>3. MISURE DI SICUREZZA<\/strong><\/p>\n<p>In conformit\u00e0 alle disposizioni delle normative vigenti in materia di protezione dei dati personali, il RESPONSABILE adempie a tutte le disposizioni delle normative GDPR e LOPDGDD per il trattamento dei dati personali in suo possesso e manifestamente ai principi di cui all\u2019articolo 5 del GDPR. Ai sensi di quest\u2019ultimo, i dati sono trattati in modo lecito, leale e trasparente nei confronti degli interessati e in modo adeguato, pertinente e limitato a quanto necessario in relazione alle finalit\u00e0 per cui sono trattati.<\/p>\n<p>Il RESPONSABILE garantisce di aver attuato politiche tecniche e organizzative adeguate per applicare le misure di sicurezza stabilite dal GDPR e dal LOPDGDD al fine di proteggere i diritti e le libert\u00e0 degli UTENTI, ai quali ha comunicato le informazioni appropriate affinch\u00e9 possano esercitarli.<\/p>\n<p>Per maggiori informazioni sulle garanzie di riservatezza, \u00e8 possibile contattare il RESPONSABILE tramite<\/p>\n<p>URMADY ASESORES SL<br \/>\nC\/ Campoamor, 18. 2\u00baA. 28004. Madrid (SPAGNA).<br \/>\nE-mail: info@marziomilano.com<\/p>\n<p>Dati di contatto del Delegato per la protezione dei dati: F\u00e9nix, 19, 28023 MADRID. administracion@fundacionprotecciondedatos.es<\/p>\n<p>&nbsp;<\/p>\n<hr \/>\n<p>&nbsp;<\/p>\n<p><strong>INFORMATIVA SULLA PRIVACY SOCIAL NETWORK<\/strong><\/p>\n<p><strong>1. INFORMAZIONI PER L&#8217;UTENTE<\/strong><\/p>\n<p><strong>Chi \u00e8 responsabile del trattamento dei dati personali dell\u2019utente?<\/strong><\/p>\n<p>URMADY ASESORES SL, di seguito RESPONSABILE, informa l&#8217;UTENTE di aver proceduto a creare un profilo nei social network Facebook, Instagram, Twitter, LinkedIn, YouTube, Vimeo e Google+, di essere il responsabile del trattamento dei dati personali dell&#8217;utente effettuato su questi social network e che tali dati saranno trattati in conformit\u00e0 alle disposizioni del Regolamento (UE) 2016\/679 del 27 aprile (GDPR) e della Legge organica 3\/2018 del 5 dicembre (LOPDGDD). Pertanto fornisce le seguenti informazioni sul trattamento:<\/p>\n<p><strong>Con quale finalit\u00e0 trattiamo i dati personali?<\/strong><\/p>\n<p>Finalit\u00e0 del trattamento: mantenere un rapporto tra l&#8217;UTENTE e il RESPONSABILE che pu\u00f2 comprendere le seguenti operazioni:<\/p>\n<ul>\n<li>Elaborare richieste e domande rivolte al responsabile<\/li>\n<li>Informare sulle attivit\u00e0 e sugli eventi organizzati dal responsabile<\/li>\n<li>Informare sui prodotti o servizi offerti dal responsabile.<\/li>\n<li>Interagire tramite i profili ufficiali.<\/li>\n<\/ul>\n<p><strong>Perch\u00e9 possiamo trattare i dati personali dell\u2019utente?<\/strong><\/p>\n<p>Base giuridica del trattamento: articolo 6.1.a della GDPR, l&#8217;interessato ha dato il consenso al trattamento dei propri dati personali per uno o pi\u00f9 scopi specifici. L&#8217;UTENTE ha un profilo sullo stesso social network e ha deciso di aderire al social network del RESPONSABILE mostrando interesse per le informazioni pubblicate nella stessa; pertanto, al momento della richiesta di seguire i nostri profili ufficiali, ci d\u00e0 il suo consenso per il trattamento dei dati personali pubblicati nel suo profilo.<\/p>\n<p>L&#8217;UTENTE pu\u00f2 accedere in ogni momento alle informative sulla privacy del singolo social network, oltre a configurare il proprio profilo per garantire la propria privacy.<\/p>\n<p>Il RESPONSABILE ha accesso e tratta le informazioni pubbliche dell&#8217;UTENTE, in particolare, il nome di contatto.<\/p>\n<p>Questi dati vengono utilizzati solo all&#8217;interno del social network stesso e saranno annessi a un file del RESPONSABILE solo quando necessario per elaborare la richiesta dell&#8217;UTENTE.<\/p>\n<p><strong>Per quanto tempo conserveremo i dati personali dell\u2019utente?<\/strong><\/p>\n<p><strong>Criteri di conservazione dei dati:<\/strong> i dati saranno conservati fino a quando l&#8217;UTENTE non revocher\u00e0 il consenso prestato, come indicato nella presente informativa sulla privacy.<\/p>\n<p><strong>A chi forniamo i dati personali dell\u2019utente?<\/strong><\/p>\n<p><strong>Comunicazione dei dati:<\/strong> le informazioni fornite dall&#8217;UTENTE attraverso i profili del RESPONSABILE sui social network, compresi i propri dati personali, possono essere pubblicate, sempre a seconda dei servizi che l&#8217;UTENTE utilizza, quindi possono essere messi a disposizione pubblicamente ad altri utenti terzi dei social network. Dal profilo di ogni social network, l&#8217;UTENTE pu\u00f2 configurare quali informazioni vuole rendere pubbliche in ogni situazione, vedere le autorizzazioni che sono state concesse, cancellarle o disattivarle, come qualsiasi applicazione di terzi che non voglia pi\u00f9 utilizzare.<\/p>\n<p>Non \u00e8 prevista la comunicazione di dati personali a terzi all\u2019esterno del social network salvo, qualora fosse imprescindibile per lo sviluppo e l&#8217;esecuzione delle finalit\u00e0 del trattamento, ai nostri fornitori di servizi connessi alle comunicazioni, con i quali il RESPONSABILE ha sottoscritto i contratti di riservatezza e di incarico del trattamento richiesti dalla normativa sulla privacy vigente.<\/p>\n<p><strong>Quali sono i diritti dell\u2019utente?<\/strong><\/p>\n<p>Diritti dell&#8217;UTENTE: possono essere soddisfatti solo in relazione alle informazioni sotto il controllo del RESPONSABILE.<\/p>\n<ul>\n<li>Diritto di revocare il consenso in qualsiasi momento.<\/li>\n<li>Diritto di accesso, rettifica, portabilit\u00e0 e cancellazione dei dati e limitazione od opposizione al loro trattamento.<\/li>\n<li>Diritto di presentare un reclamo all&#8217;Autorit\u00e0 di controllo (www.agpd.es) se l\u2019utente ritiene che il trattamento non sia conforme alle normative vigenti.<\/li>\n<\/ul>\n<p>Dati di contatto per esercitare i propri diritti:<\/p>\n<p>URMADY ASESORES SL<br \/>\nC\/ Campoamor, 18. 2\u00baA. 28004. Madrid (SPAGNA).<br \/>\nE-mail: info@marziomilano.com<\/p>\n<p>Dati di contatto del Delegato per la protezione dei dati: F\u00e9nix, 19, 28023 MADRID (SPAGNA). administracion@fundacionprotecciondedatos.es<\/p>\n<p><strong>2. UTILIZZO DEL PROFILO<\/strong><\/p>\n<p>Il RESPONSABILE eseguir\u00e0 le seguenti azioni:<\/p>\n<ul>\n<li>Accesso alle informazioni pubbliche del profilo.<\/li>\n<li>Pubblicazione nel profilo dell&#8217;UTENTE di tutte le informazioni gi\u00e0 pubblicate nel social network del RESPONSABILE.<\/li>\n<li>Invio di messaggi personali e individuali attraverso i canali del social network.<\/li>\n<li>Aggiornamenti di stato della pagina da pubblicare nel profilo dell&#8217;UTENTE.<\/li>\n<\/ul>\n<p>L&#8217;UTENTE pu\u00f2 sempre controllare i propri collegamenti, rimuovere i contenuti che non siano pi\u00f9 di suo interesse e scegliere con chi condividere i propri collegamenti; potr\u00e0 farlo accedendo alle proprie impostazioni di privacy.<\/p>\n<p><strong>3. PUBBLICAZIONI<\/strong><\/p>\n<p>L&#8217;UTENTE, una volta che segue o ha aderito al social network del RESPONSABILE, pu\u00f2 pubblicarvi commenti, link, immagini, fotografie o qualsiasi altro tipo di contenuto multimediale supportato dallo stesso. L&#8217;UTENTE, in ogni caso, deve essere il proprietario dei contenuti pubblicati, godere dei diritti d&#8217;autore e di propriet\u00e0 intellettuale o avere il consenso dei terzi interessati.<\/p>\n<p>Si fa espresso divieto di pubblicare sul social network testi, grafica, fotografie, video, ecc. lesivi, o potenzialmente tali, di morale, etica, buon gusto o decoro, e\/o che infrangano, violino o trasgrediscano i diritti di propriet\u00e0 intellettuale o industriale, il diritto all&#8217;immagine o la Legge.<\/p>\n<p>In tal caso, il RESPONSABILE si riserva il diritto di ritirare immediatamente il contenuto, senza preavviso, e pu\u00f2 richiedere il blocco permanente dell&#8217;UTENTE.<\/p>\n<p>Il RESPONSABILE non si assume alcuna responsabilit\u00e0 in merito ai contenuti pubblicati liberamente da un UTENTE.<\/p>\n<p>L&#8217;UTENTE deve essere consapevole che le sue pubblicazioni saranno disponibili per gli altri utenti, quindi \u00e8 egli stesso il principale responsabile della privacy delle medesime.<\/p>\n<p>Le immagini eventualmente pubblicate sul social network non saranno memorizzate in alcun file dal RESPONSABILE, ma rimarranno sul social network.<\/p>\n<p><strong>4. DATI DI MINORI O DI PERSONE DIVERSAMENTE ABILI<\/strong><\/p>\n<p>L&#8217;accesso e la registrazione ai social network del RESPONSABILE \u00e8 vietato ai minori di 18 anni. Se invece l&#8217;UTENTE \u00e8 diversamente abile, sar\u00e0 necessario l&#8217;intervento del titolare della patria potest\u00e0 o della tutela, o del rappresentante legale provvisto di un documento valido che ne accrediti la rappresentanza.<\/p>\n<p>Il RESPONSABILE \u00e8 espressamente esonerato da ogni responsabilit\u00e0 che possa derivare dall&#8217;uso dei social network da parte di minori o di persone diversamente abili. I social network del RESPONSABILE non raccolgono consapevolmente informazioni personali di minori, pertanto, se l&#8217;UTENTE \u00e8 minorenne, non deve registrarsi o utilizzare i social network del RESPONSABILE, n\u00e9 fornire informazioni personali.<\/p>\n<\/div><\/div><div class=\"w-separator size_medium\"><\/div><\/div><\/div><\/div><\/div><\/div><\/section>\n","protected":false},"excerpt":{"rendered":"[vc_custom_heading source=\"post_title\" font_container=\"tag:h2|text_align:center\" use_theme_fonts=\"yes\"]INFORMATIVA SULLA PRIVACY SITO 1. INFORMAZIONI PER L&#8217;UTENTE Chi \u00e8 responsabile del trattamento dei dati personali dell\u2019utente? URMADY ASESORES SL, \u00e8 il RESPONSABILE per il trattamento dei dati personali dell&#8217;UTENTE. Si informa l\u2019utente che tali dati saranno trattati in conformit\u00e0 alle disposizioni del Regolamento (UE) 2016\/679 del 27 aprile (GDPR) e della...","protected":false},"author":1,"featured_media":0,"parent":0,"menu_order":0,"comment_status":"closed","ping_status":"closed","template":"","meta":{"inline_featured_image":false,"footnotes":""},"class_list":["post-2856","page","type-page","status-publish","hentry"],"yoast_head":"<!-- This site is optimized with the Yoast SEO plugin v27.4 - https:\/\/yoast.com\/product\/yoast-seo-wordpress\/ -->\n<title>Informativa sulla privacy - Marzio Milano<\/title>\n<meta name=\"robots\" content=\"index, follow, max-snippet:-1, max-image-preview:large, max-video-preview:-1\" \/>\n<link rel=\"canonical\" href=\"https:\/\/marziomilano.com\/it\/informativa-sulla-privacy\/\" \/>\n<meta property=\"og:locale\" content=\"it_IT\" \/>\n<meta property=\"og:type\" content=\"article\" \/>\n<meta property=\"og:title\" content=\"Informativa sulla privacy - Marzio Milano\" \/>\n<meta property=\"og:url\" content=\"https:\/\/marziomilano.com\/it\/informativa-sulla-privacy\/\" \/>\n<meta property=\"og:site_name\" content=\"Marzio Milano\" \/>\n<meta property=\"article:modified_time\" content=\"2022-12-14T11:48:25+00:00\" \/>\n<meta name=\"twitter:card\" content=\"summary_large_image\" \/>\n<meta name=\"twitter:label1\" content=\"Tempo di lettura stimato\" \/>\n\t<meta name=\"twitter:data1\" content=\"8 minuti\" \/>\n<script type=\"application\/ld+json\" class=\"yoast-schema-graph\">{\"@context\":\"https:\\\/\\\/schema.org\",\"@graph\":[{\"@type\":\"WebPage\",\"@id\":\"https:\\\/\\\/marziomilano.com\\\/it\\\/informativa-sulla-privacy\\\/\",\"url\":\"https:\\\/\\\/marziomilano.com\\\/it\\\/informativa-sulla-privacy\\\/\",\"name\":\"Informativa sulla privacy - Marzio Milano\",\"isPartOf\":{\"@id\":\"https:\\\/\\\/marziomilano.com\\\/it\\\/#website\"},\"datePublished\":\"2020-11-30T23:49:43+00:00\",\"dateModified\":\"2022-12-14T11:48:25+00:00\",\"breadcrumb\":{\"@id\":\"https:\\\/\\\/marziomilano.com\\\/it\\\/informativa-sulla-privacy\\\/#breadcrumb\"},\"inLanguage\":\"it-IT\",\"potentialAction\":[{\"@type\":\"ReadAction\",\"target\":[\"https:\\\/\\\/marziomilano.com\\\/it\\\/informativa-sulla-privacy\\\/\"]}]},{\"@type\":\"BreadcrumbList\",\"@id\":\"https:\\\/\\\/marziomilano.com\\\/it\\\/informativa-sulla-privacy\\\/#breadcrumb\",\"itemListElement\":[{\"@type\":\"ListItem\",\"position\":1,\"name\":\"Portada\",\"item\":\"https:\\\/\\\/marziomilano.com\\\/it\\\/\"},{\"@type\":\"ListItem\",\"position\":2,\"name\":\"Informativa sulla privacy\"}]},{\"@type\":\"WebSite\",\"@id\":\"https:\\\/\\\/marziomilano.com\\\/it\\\/#website\",\"url\":\"https:\\\/\\\/marziomilano.com\\\/it\\\/\",\"name\":\"Marzio Milano\",\"description\":\"Artesan\u00eda italiana\",\"publisher\":{\"@id\":\"https:\\\/\\\/marziomilano.com\\\/it\\\/#organization\"},\"potentialAction\":[{\"@type\":\"SearchAction\",\"target\":{\"@type\":\"EntryPoint\",\"urlTemplate\":\"https:\\\/\\\/marziomilano.com\\\/it\\\/?s={search_term_string}\"},\"query-input\":{\"@type\":\"PropertyValueSpecification\",\"valueRequired\":true,\"valueName\":\"search_term_string\"}}],\"inLanguage\":\"it-IT\"},{\"@type\":\"Organization\",\"@id\":\"https:\\\/\\\/marziomilano.com\\\/it\\\/#organization\",\"name\":\"Marzio Milano\",\"url\":\"https:\\\/\\\/marziomilano.com\\\/it\\\/\",\"logo\":{\"@type\":\"ImageObject\",\"inLanguage\":\"it-IT\",\"@id\":\"https:\\\/\\\/marziomilano.com\\\/it\\\/#\\\/schema\\\/logo\\\/image\\\/\",\"url\":\"https:\\\/\\\/marziomilano.com\\\/wp-content\\\/uploads\\\/2020\\\/08\\\/marzio_azul.png\",\"contentUrl\":\"https:\\\/\\\/marziomilano.com\\\/wp-content\\\/uploads\\\/2020\\\/08\\\/marzio_azul.png\",\"width\":688,\"height\":313,\"caption\":\"Marzio Milano\"},\"image\":{\"@id\":\"https:\\\/\\\/marziomilano.com\\\/it\\\/#\\\/schema\\\/logo\\\/image\\\/\"}}]}<\/script>\n<!-- \/ Yoast SEO plugin. -->","yoast_head_json":{"title":"Informativa sulla privacy - Marzio Milano","robots":{"index":"index","follow":"follow","max-snippet":"max-snippet:-1","max-image-preview":"max-image-preview:large","max-video-preview":"max-video-preview:-1"},"canonical":"https:\/\/marziomilano.com\/it\/informativa-sulla-privacy\/","og_locale":"it_IT","og_type":"article","og_title":"Informativa sulla privacy - Marzio Milano","og_url":"https:\/\/marziomilano.com\/it\/informativa-sulla-privacy\/","og_site_name":"Marzio Milano","article_modified_time":"2022-12-14T11:48:25+00:00","twitter_card":"summary_large_image","twitter_misc":{"Tempo di lettura stimato":"8 minuti"},"schema":{"@context":"https:\/\/schema.org","@graph":[{"@type":"WebPage","@id":"https:\/\/marziomilano.com\/it\/informativa-sulla-privacy\/","url":"https:\/\/marziomilano.com\/it\/informativa-sulla-privacy\/","name":"Informativa sulla privacy - Marzio Milano","isPartOf":{"@id":"https:\/\/marziomilano.com\/it\/#website"},"datePublished":"2020-11-30T23:49:43+00:00","dateModified":"2022-12-14T11:48:25+00:00","breadcrumb":{"@id":"https:\/\/marziomilano.com\/it\/informativa-sulla-privacy\/#breadcrumb"},"inLanguage":"it-IT","potentialAction":[{"@type":"ReadAction","target":["https:\/\/marziomilano.com\/it\/informativa-sulla-privacy\/"]}]},{"@type":"BreadcrumbList","@id":"https:\/\/marziomilano.com\/it\/informativa-sulla-privacy\/#breadcrumb","itemListElement":[{"@type":"ListItem","position":1,"name":"Portada","item":"https:\/\/marziomilano.com\/it\/"},{"@type":"ListItem","position":2,"name":"Informativa sulla privacy"}]},{"@type":"WebSite","@id":"https:\/\/marziomilano.com\/it\/#website","url":"https:\/\/marziomilano.com\/it\/","name":"Marzio Milano","description":"Artesan\u00eda italiana","publisher":{"@id":"https:\/\/marziomilano.com\/it\/#organization"},"potentialAction":[{"@type":"SearchAction","target":{"@type":"EntryPoint","urlTemplate":"https:\/\/marziomilano.com\/it\/?s={search_term_string}"},"query-input":{"@type":"PropertyValueSpecification","valueRequired":true,"valueName":"search_term_string"}}],"inLanguage":"it-IT"},{"@type":"Organization","@id":"https:\/\/marziomilano.com\/it\/#organization","name":"Marzio Milano","url":"https:\/\/marziomilano.com\/it\/","logo":{"@type":"ImageObject","inLanguage":"it-IT","@id":"https:\/\/marziomilano.com\/it\/#\/schema\/logo\/image\/","url":"https:\/\/marziomilano.com\/wp-content\/uploads\/2020\/08\/marzio_azul.png","contentUrl":"https:\/\/marziomilano.com\/wp-content\/uploads\/2020\/08\/marzio_azul.png","width":688,"height":313,"caption":"Marzio Milano"},"image":{"@id":"https:\/\/marziomilano.com\/it\/#\/schema\/logo\/image\/"}}]}},"_links":{"self":[{"href":"https:\/\/marziomilano.com\/it\/wp-json\/wp\/v2\/pages\/2856","targetHints":{"allow":["GET"]}}],"collection":[{"href":"https:\/\/marziomilano.com\/it\/wp-json\/wp\/v2\/pages"}],"about":[{"href":"https:\/\/marziomilano.com\/it\/wp-json\/wp\/v2\/types\/page"}],"author":[{"embeddable":true,"href":"https:\/\/marziomilano.com\/it\/wp-json\/wp\/v2\/users\/1"}],"replies":[{"embeddable":true,"href":"https:\/\/marziomilano.com\/it\/wp-json\/wp\/v2\/comments?post=2856"}],"version-history":[{"count":6,"href":"https:\/\/marziomilano.com\/it\/wp-json\/wp\/v2\/pages\/2856\/revisions"}],"predecessor-version":[{"id":6129,"href":"https:\/\/marziomilano.com\/it\/wp-json\/wp\/v2\/pages\/2856\/revisions\/6129"}],"wp:attachment":[{"href":"https:\/\/marziomilano.com\/it\/wp-json\/wp\/v2\/media?parent=2856"}],"curies":[{"name":"wp","href":"https:\/\/api.w.org\/{rel}","templated":true}]}}